{"id":150,"date":"2019-04-15T14:27:48","date_gmt":"2019-04-15T14:27:48","guid":{"rendered":"http:\/\/vital.ad\/?post_type=product&#038;p=150"},"modified":"2026-03-17T10:50:51","modified_gmt":"2026-03-17T10:50:51","slug":"coixi-de-pastor-lli-i-llana-dandorra-pirineus","status":"publish","type":"product","link":"https:\/\/vital.ad\/?product=coixi-de-pastor-lli-i-llana-dandorra-pirineus","title":{"rendered":"Coix\u00ed de Pastor"},"content":{"rendered":"<p>Des del Mediterrani fins al Cant\u00e0bric s\u2019est\u00e9n la llargu\u00edssima espinada del Pirineu. Aquest conjunt geogr\u00e0fic tingu\u00e9 des de fa segles la seva pr\u00f2pia identitat cultural, agr\u00edcola i espiritual. Andorra, malgrat el seu petit territori, forma part d\u2019aquesta extensa geografia i del seu ric patrimoni.<\/p>\n<p>Amb la voluntat de no perdre la identitat d\u2019aquest petit pa\u00eds neix el projecte VITAL. La seva primera actuaci\u00f3 consisteix a salvar de la seva destrucci\u00f3 els vellons de les ovelles quan aquestes s\u00f3n xollades cada primavera.<\/p>\n<p>Amb aquesta fibra natural la poblaci\u00f3 de la muntanya s\u2019ha vestit, des de sempre, per protegir-se del fred i n\u2019ha fet mat\u00e8ria indispensable per un bon ja\u00e7.<\/p>\n<p>Ara VITAL crea, amb la mateixa fibra natural, el coix\u00ed de pastor, inspirat en els vellons de llana que els pastors del Pirineu ancestralment portaven per poder jeure al lla\u00e7. Esperem que aquest nou recurs que la llana de les nostres ovelles ens permet oferir faci una bonica aportaci\u00f3 a aquest llegat que rebem amb goig i, amb el mateix goig, voldr\u00edem transmetre aquest sobri coix\u00ed inspirat en la rica cultura ramadera del nostre territori, com tamb\u00e9 de tot el Pirineu.<\/p>\n","protected":false},"excerpt":{"rendered":"<p class=\"mailpoet_wp_post\">El coix\u00ed de pastor s&#8217;ha inspirat en els vellons de llana que els pastors del Pirineu portaven junt amb el tapaboques quan sortien a pasturar el ramat.<\/p>\n<p class=\"mailpoet_wp_post\">La funda del coix\u00ed s&#8217;ha confeccionat amb teixit de lli i farcit amb llana d&#8217;ovella andorrana.<\/p>\n","protected":false},"featured_media":6868,"template":"","meta":[],"product_brand":[],"product_cat":[72],"product_tag":[],"class_list":{"0":"post-150","1":"product","2":"type-product","3":"status-publish","4":"has-post-thumbnail","6":"product_cat-moda","7":"product_shipping_class-quantitity","10":"first","11":"instock","12":"shipping-taxable","13":"purchasable","14":"product-type-simple"},"_links":{"self":[{"href":"https:\/\/vital.ad\/index.php?rest_route=\/wp\/v2\/product\/150","targetHints":{"allow":["GET"]}}],"collection":[{"href":"https:\/\/vital.ad\/index.php?rest_route=\/wp\/v2\/product"}],"about":[{"href":"https:\/\/vital.ad\/index.php?rest_route=\/wp\/v2\/types\/product"}],"wp:featuredmedia":[{"embeddable":true,"href":"https:\/\/vital.ad\/index.php?rest_route=\/wp\/v2\/media\/6868"}],"wp:attachment":[{"href":"https:\/\/vital.ad\/index.php?rest_route=%2Fwp%2Fv2%2Fmedia&parent=150"}],"wp:term":[{"taxonomy":"product_brand","embeddable":true,"href":"https:\/\/vital.ad\/index.php?rest_route=%2Fwp%2Fv2%2Fproduct_brand&post=150"},{"taxonomy":"product_cat","embeddable":true,"href":"https:\/\/vital.ad\/index.php?rest_route=%2Fwp%2Fv2%2Fproduct_cat&post=150"},{"taxonomy":"product_tag","embeddable":true,"href":"https:\/\/vital.ad\/index.php?rest_route=%2Fwp%2Fv2%2Fproduct_tag&post=150"}],"curies":[{"name":"wp","href":"https:\/\/api.w.org\/{rel}","templated":true}]}}