{"id":7675,"date":"2022-06-23T11:19:01","date_gmt":"2022-06-23T11:19:01","guid":{"rendered":"https:\/\/vital.ad\/?page_id=7675"},"modified":"2026-03-17T17:19:46","modified_gmt":"2026-03-17T17:19:46","slug":"abundancia-creativa-ofici-i-bellesa","status":"publish","type":"page","link":"https:\/\/vital.ad\/?page_id=7675","title":{"rendered":"Manifest"},"content":{"rendered":"<h2 style=\"text-align: center;\">Manifest a favor de l&#8217;abund\u00e0ncia creativa<\/h2>\n<p>&nbsp;<\/p>\n<p style=\"text-align: center;\">VITAL PIRINEUS expressa la cultura ancestral dels Pirineus i honora els oficis. Elabora productes austers, bells i responsables amb el territori i la hist\u00f2ria del lloc. Elabora artesanalment\u00a0mantes, cortines, coixins, boses de cuir, catifes, solucions d&#8217;absorci\u00f3 ac\u00fastica i projectes de disseny d&#8217;interiors. Valoritza la llana provinent de ramats d\u2019ovelles andorranes.<\/p>\n<p style=\"text-align: center;\">VITAL PIRINEUS \u00e9s:<\/p>\n<p style=\"text-align: center;\"><strong>Refinat<\/strong>: subtil, de bon gust, fi.<br \/><strong>Auster<\/strong>: sobri, sense excessos.<br \/><strong>Rigor t\u00e8cnic<\/strong>: honora l\u2019ofici i la t\u00e8cnica t\u00e8xtil.\u00a0<br \/><strong>R\u00fastic<\/strong>: relacionat amb el camp i la muntanya.<br \/><strong>Arrelat<\/strong>: amb arrels al territori i llegat cultural.<br \/><strong>Sostenible<\/strong>: responsable amb el medi ambient i les persones.<\/p>\n<p style=\"text-align: left;\">Vital s&#8217;inspira en la cultura pastoral dels Pirineus, on la muntanya \u00e9s l&#8217;eix central. Durant segles, els pastors de muntanya han fet artesanalment els seus objectes amb materials, colors, est\u00e8tica i patrons de disseny vinculats a la natura i a les caracter\u00edstiques particulars del paisatge de muntanya. Al llarg del segle XX, la cultura de muntanya ha estat marginada per les pressions de la globalitzaci\u00f3. Vital pret\u00e9n revertir aquesta tend\u00e8ncia demostrant que la cultura de muntanya dels Pirineus no nom\u00e9s \u00e9s viva sin\u00f3 que t\u00e9 moltes lli\u00e7ons per ensenyar al m\u00f3n modern.<\/p>\n<p><img loading=\"lazy\" decoding=\"async\" class=\"alignnone size-full wp-image-7762\" src=\"https:\/\/vital.ad\/wp-content\/uploads\/2022\/12\/Sense-titol.jpg\" alt=\"llana ovella Andorra artesania\" width=\"1593\" height=\"789\" title=\"llana ovella Andorra artesania\" srcset=\"https:\/\/vital.ad\/wp-content\/uploads\/2022\/12\/Sense-titol.jpg 1593w, https:\/\/vital.ad\/wp-content\/uploads\/2022\/12\/Sense-titol-300x149.jpg 300w, https:\/\/vital.ad\/wp-content\/uploads\/2022\/12\/Sense-titol-1024x507.jpg 1024w, https:\/\/vital.ad\/wp-content\/uploads\/2022\/12\/Sense-titol-768x380.jpg 768w, https:\/\/vital.ad\/wp-content\/uploads\/2022\/12\/Sense-titol-1536x761.jpg 1536w, https:\/\/vital.ad\/wp-content\/uploads\/2022\/12\/Sense-titol-18x9.jpg 18w, https:\/\/vital.ad\/wp-content\/uploads\/2022\/12\/Sense-titol-100x50.jpg 100w, https:\/\/vital.ad\/wp-content\/uploads\/2022\/12\/Sense-titol-1184x586.jpg 1184w, https:\/\/vital.ad\/wp-content\/uploads\/2022\/12\/Sense-titol-1320x654.jpg 1320w, https:\/\/vital.ad\/wp-content\/uploads\/2022\/12\/Sense-titol-600x297.jpg 600w\" sizes=\"auto, (max-width: 1593px) 100vw, 1593px\" \/><\/p>\n<p style=\"text-align: left;\">En col\u00b7laborar amb petites comunitats rurals d&#8217;Andorra i Catalunya , Vital afegeix valor a materials que s&#8217;han passat per alt en la hist\u00f2ria recent alhora que eleva una rica cultura centrada en els animals, els materials naturals i els ritmes i matisos de les estacions.<\/p>\n<p style=\"text-align: left;\">Vital presenta edicions limitades fetes amb materials de muntanya com la llana, el lli, la fusta i les fibres naturals. Abans tenia valor la llana, despr\u00e9s la carn i finalment la llet; avui \u00e9s al rev\u00e9s. Vital promou uns millors usos artesanals i innovadors de la llana local.<\/p>\n<p style=\"text-align: left;\">Una trentena de fam\u00edlies dels Pirineus d\u2019Andorra i l\u2019Alt Urgell col\u00b7laboren amb el projecte. Les fam\u00edlies conserven un petit ramat d&#8217;ovelles de ra\u00e7a Barbarina, tamb\u00e9 anomenada rouge du Roussillon, una ra\u00e7a tradicional dels Pirineus, majorit\u00e0riament a Andorra, que data del segle XIX. La Barbarina \u00e9s una ra\u00e7a rara i en perill d&#8217;extinci\u00f3.<\/p>\n<p>Tenim un taller artes\u00e0 i industrial des d&#8217;on impulsem la nostra visi\u00f3 d&#8217;ofici, creativitat i sostenibilitat.\u00a0<\/p>\n\n\n<div class=\"wp-block-group is-nowrap is-layout-flex wp-container-core-group-is-layout-ad2f72ca wp-block-group-is-layout-flex\">\n<div class=\"wp-block-columns is-layout-flex wp-container-core-columns-is-layout-9d6595d7 wp-block-columns-is-layout-flex\">\n<div class=\"wp-block-column is-layout-flow wp-block-column-is-layout-flow\" style=\"flex-basis:100%\">\n<figure class=\"wp-block-gallery has-nested-images columns-5 is-cropped wp-block-gallery-1 is-layout-flex wp-block-gallery-is-layout-flex\">\n<figure class=\"wp-block-image size-medium\"><img loading=\"lazy\" decoding=\"async\" width=\"300\" height=\"200\" data-id=\"8250\" src=\"https:\/\/vital.ad\/wp-content\/uploads\/2025\/09\/Vital-Pirineus-Facu-Santana-2092-300x200.jpg\" alt=\"llana ovella Andorra artesania\" class=\"wp-image-8250\" title=\"llana ovella Andorra artesania\" srcset=\"https:\/\/vital.ad\/wp-content\/uploads\/2025\/09\/Vital-Pirineus-Facu-Santana-2092-300x200.jpg 300w, https:\/\/vital.ad\/wp-content\/uploads\/2025\/09\/Vital-Pirineus-Facu-Santana-2092-1024x683.jpg 1024w, https:\/\/vital.ad\/wp-content\/uploads\/2025\/09\/Vital-Pirineus-Facu-Santana-2092-768x512.jpg 768w, https:\/\/vital.ad\/wp-content\/uploads\/2025\/09\/Vital-Pirineus-Facu-Santana-2092-1536x1024.jpg 1536w, https:\/\/vital.ad\/wp-content\/uploads\/2025\/09\/Vital-Pirineus-Facu-Santana-2092-100x67.jpg 100w, https:\/\/vital.ad\/wp-content\/uploads\/2025\/09\/Vital-Pirineus-Facu-Santana-2092-1384x922.jpg 1384w, https:\/\/vital.ad\/wp-content\/uploads\/2025\/09\/Vital-Pirineus-Facu-Santana-2092-1320x880.jpg 1320w, https:\/\/vital.ad\/wp-content\/uploads\/2025\/09\/Vital-Pirineus-Facu-Santana-2092-600x400.jpg 600w, https:\/\/vital.ad\/wp-content\/uploads\/2025\/09\/Vital-Pirineus-Facu-Santana-2092.jpg 2048w\" sizes=\"auto, (max-width: 300px) 100vw, 300px\" \/><\/figure>\n\n\n\n<figure class=\"wp-block-image size-medium\"><img loading=\"lazy\" decoding=\"async\" width=\"300\" height=\"200\" data-id=\"8253\" src=\"https:\/\/vital.ad\/wp-content\/uploads\/2025\/09\/Vital-Pirineus-Facu-Santana-11-300x200.jpg\" alt=\"llana ovella Andorra artesania\" class=\"wp-image-8253\" title=\"llana ovella Andorra artesania\" srcset=\"https:\/\/vital.ad\/wp-content\/uploads\/2025\/09\/Vital-Pirineus-Facu-Santana-11-300x200.jpg 300w, https:\/\/vital.ad\/wp-content\/uploads\/2025\/09\/Vital-Pirineus-Facu-Santana-11-1024x683.jpg 1024w, https:\/\/vital.ad\/wp-content\/uploads\/2025\/09\/Vital-Pirineus-Facu-Santana-11-768x512.jpg 768w, https:\/\/vital.ad\/wp-content\/uploads\/2025\/09\/Vital-Pirineus-Facu-Santana-11-1536x1024.jpg 1536w, https:\/\/vital.ad\/wp-content\/uploads\/2025\/09\/Vital-Pirineus-Facu-Santana-11-100x67.jpg 100w, https:\/\/vital.ad\/wp-content\/uploads\/2025\/09\/Vital-Pirineus-Facu-Santana-11-1384x922.jpg 1384w, https:\/\/vital.ad\/wp-content\/uploads\/2025\/09\/Vital-Pirineus-Facu-Santana-11-1320x880.jpg 1320w, https:\/\/vital.ad\/wp-content\/uploads\/2025\/09\/Vital-Pirineus-Facu-Santana-11-600x400.jpg 600w, https:\/\/vital.ad\/wp-content\/uploads\/2025\/09\/Vital-Pirineus-Facu-Santana-11.jpg 2048w\" sizes=\"auto, (max-width: 300px) 100vw, 300px\" \/><\/figure>\n\n\n\n<figure class=\"wp-block-image size-medium\"><img loading=\"lazy\" decoding=\"async\" width=\"200\" height=\"300\" data-id=\"8246\" src=\"https:\/\/vital.ad\/wp-content\/uploads\/2025\/09\/Vital-Pirineus-Facu-Santana-29-200x300.jpg\" alt=\"llana ovella Andorra artesania\" class=\"wp-image-8246\" title=\"llana ovella Andorra artesania\" srcset=\"https:\/\/vital.ad\/wp-content\/uploads\/2025\/09\/Vital-Pirineus-Facu-Santana-29-200x300.jpg 200w, https:\/\/vital.ad\/wp-content\/uploads\/2025\/09\/Vital-Pirineus-Facu-Santana-29-683x1024.jpg 683w, https:\/\/vital.ad\/wp-content\/uploads\/2025\/09\/Vital-Pirineus-Facu-Santana-29-768x1152.jpg 768w, https:\/\/vital.ad\/wp-content\/uploads\/2025\/09\/Vital-Pirineus-Facu-Santana-29-1024x1536.jpg 1024w, https:\/\/vital.ad\/wp-content\/uploads\/2025\/09\/Vital-Pirineus-Facu-Santana-29-1366x2048.jpg 1366w, https:\/\/vital.ad\/wp-content\/uploads\/2025\/09\/Vital-Pirineus-Facu-Santana-29-100x150.jpg 100w, https:\/\/vital.ad\/wp-content\/uploads\/2025\/09\/Vital-Pirineus-Facu-Santana-29-1384x2076.jpg 1384w, https:\/\/vital.ad\/wp-content\/uploads\/2025\/09\/Vital-Pirineus-Facu-Santana-29-1320x1980.jpg 1320w, https:\/\/vital.ad\/wp-content\/uploads\/2025\/09\/Vital-Pirineus-Facu-Santana-29-600x900.jpg 600w, https:\/\/vital.ad\/wp-content\/uploads\/2025\/09\/Vital-Pirineus-Facu-Santana-29-scaled.jpg 1707w\" sizes=\"auto, (max-width: 200px) 100vw, 200px\" \/><\/figure>\n\n\n\n<figure class=\"wp-block-image size-medium\"><img loading=\"lazy\" decoding=\"async\" width=\"200\" height=\"300\" data-id=\"8251\" src=\"https:\/\/vital.ad\/wp-content\/uploads\/2025\/09\/Vital-Pirineus-Facu-Santana-63-200x300.jpg\" alt=\"llana ovella Andorra artesania\" class=\"wp-image-8251\" title=\"llana ovella Andorra artesania\" srcset=\"https:\/\/vital.ad\/wp-content\/uploads\/2025\/09\/Vital-Pirineus-Facu-Santana-63-200x300.jpg 200w, https:\/\/vital.ad\/wp-content\/uploads\/2025\/09\/Vital-Pirineus-Facu-Santana-63-683x1024.jpg 683w, https:\/\/vital.ad\/wp-content\/uploads\/2025\/09\/Vital-Pirineus-Facu-Santana-63-768x1152.jpg 768w, https:\/\/vital.ad\/wp-content\/uploads\/2025\/09\/Vital-Pirineus-Facu-Santana-63-1024x1536.jpg 1024w, https:\/\/vital.ad\/wp-content\/uploads\/2025\/09\/Vital-Pirineus-Facu-Santana-63-1366x2048.jpg 1366w, https:\/\/vital.ad\/wp-content\/uploads\/2025\/09\/Vital-Pirineus-Facu-Santana-63-100x150.jpg 100w, https:\/\/vital.ad\/wp-content\/uploads\/2025\/09\/Vital-Pirineus-Facu-Santana-63-1384x2076.jpg 1384w, https:\/\/vital.ad\/wp-content\/uploads\/2025\/09\/Vital-Pirineus-Facu-Santana-63-1320x1980.jpg 1320w, https:\/\/vital.ad\/wp-content\/uploads\/2025\/09\/Vital-Pirineus-Facu-Santana-63-600x900.jpg 600w, https:\/\/vital.ad\/wp-content\/uploads\/2025\/09\/Vital-Pirineus-Facu-Santana-63-scaled.jpg 1707w\" sizes=\"auto, (max-width: 200px) 100vw, 200px\" \/><\/figure>\n\n\n\n<figure class=\"wp-block-image size-medium\"><img loading=\"lazy\" decoding=\"async\" width=\"300\" height=\"200\" data-id=\"8252\" src=\"https:\/\/vital.ad\/wp-content\/uploads\/2025\/09\/Vital-Pirineus-Facu-Santana-9-300x200.jpg\" alt=\"llana ovella Andorra artesania\" class=\"wp-image-8252\" title=\"llana ovella Andorra artesania\" srcset=\"https:\/\/vital.ad\/wp-content\/uploads\/2025\/09\/Vital-Pirineus-Facu-Santana-9-300x200.jpg 300w, https:\/\/vital.ad\/wp-content\/uploads\/2025\/09\/Vital-Pirineus-Facu-Santana-9-1024x683.jpg 1024w, https:\/\/vital.ad\/wp-content\/uploads\/2025\/09\/Vital-Pirineus-Facu-Santana-9-768x512.jpg 768w, https:\/\/vital.ad\/wp-content\/uploads\/2025\/09\/Vital-Pirineus-Facu-Santana-9-1536x1024.jpg 1536w, https:\/\/vital.ad\/wp-content\/uploads\/2025\/09\/Vital-Pirineus-Facu-Santana-9-2048x1365.jpg 2048w, https:\/\/vital.ad\/wp-content\/uploads\/2025\/09\/Vital-Pirineus-Facu-Santana-9-100x67.jpg 100w, https:\/\/vital.ad\/wp-content\/uploads\/2025\/09\/Vital-Pirineus-Facu-Santana-9-1384x923.jpg 1384w, https:\/\/vital.ad\/wp-content\/uploads\/2025\/09\/Vital-Pirineus-Facu-Santana-9-1320x880.jpg 1320w, https:\/\/vital.ad\/wp-content\/uploads\/2025\/09\/Vital-Pirineus-Facu-Santana-9-600x400.jpg 600w\" sizes=\"auto, (max-width: 300px) 100vw, 300px\" \/><\/figure>\n<\/figure>\n<\/div>\n<\/div>\n\n\n\n<p><\/p>\n<\/div>\n\n\n\n<h2 class=\"wp-block-heading\">Idees que ens inspiren<\/h2>\n\n\n\n<blockquote class=\"wp-block-quote is-layout-flow wp-block-quote-is-layout-flow\">\n<p>\u201ccelebrar la creativitat humana per sobre del consum irracional\u201d<\/p>\n<\/blockquote>\n\n\n\n<p>En un m\u00f3n saturat de productes xinesos i de diner barat, \u00e9s hora de repensar el concepte d&#8217;abund\u00e0ncia. No parlem d&#8217;una acumulaci\u00f3 material sense fi, sin\u00f3 d&#8217;una abund\u00e0ncia creativa que valora el treball, la t\u00e8cnica, els oficis.<\/p>\n\n\n\n<p>Aquesta visi\u00f3 ens convida a fomentar una cultura on l\u2019acci\u00f3, l&#8217;enginy t\u00e8cnic i l&#8217;esfor\u00e7 diari siguin els nous pilars. Imaginem un retorn a valors que celebrin la creativitat humana per sobre del consum irracional, on l&#8217;abund\u00e0ncia no es mesuri en possessions ef\u00edmeres, sin\u00f3 en innovacions que enriqueixin la vida col\u00b7lectiva i en relacions humanes. Penso que haur\u00edem d&#8217;aspirar a viure amb un \u00fas similar de materials que ten\u00edem als anys 70, potenciada per les millores tecnol\u00f2giques actuals. Per impulsar aquest canvi, cal apostar per una ind\u00fastria d&#8217;alt valor afegit. Aix\u00f2 requereix de pol\u00edtiques que prioritzin la formaci\u00f3 professional en oficis t\u00e8cnics.<\/p>\n\n\n\n<p>Aix\u00f2 implica adoptar una cultura de consumir i de produir b\u00e9ns duradors i de qualitat, on la reparaci\u00f3 en lloc de la substituci\u00f3 i el consum de b\u00e9ns locals de qualitat siguin la norma.<\/p>\n\n\n\n<p>Un aspecte fonamental \u00e9s l&#8217;alimentaci\u00f3. Hem de millorar la riquesa nutricional del que mengem, augmentant la productivitat agr\u00edcola i ramadera mitjan\u00e7ant pr\u00e0ctiques tradicionals. Hem de fomentar la ramaderia tradicional i comunitats rurals m\u00e9s fortes. Hem de potenciar la nostra carn de pastura, el formatge de pastor, els ous o la mel local de qualitat com a pilars fonamentals.<\/p>\n\n\n\n<p>Finalment, en lloc de basar el desenvolupament en capital extern i immigraci\u00f3 massiva, centrem-nos en millores de productivitat interna. Aquest enfocament podria resoldre problemes cr\u00f2nics com l&#8217;acc\u00e9s a l&#8217;habitatge. Amb una poblaci\u00f3 m\u00e9s productiva, augmenten els ingressos reals, permetent habitatges m\u00e9s assequibles. Aquesta abund\u00e0ncia creativa \u00e9s l\u2019\u00fanic cam\u00ed practicable cap a un model de prosperitat aut\u00e8ntica.<\/p>\n\n\n\n<p><\/p>\n","protected":false},"excerpt":{"rendered":"<p>Manifest a favor de l&#8217;abund\u00e0ncia creativa &nbsp; VITAL PIRINEUS expressa la cultura ancestral dels Pirineus i honora els oficis. Elabora productes austers, bells i responsables amb el territori i la hist\u00f2ria del lloc. Elabora artesanalment\u00a0mantes, cortines, coixins, boses de cuir, catifes, solucions d&#8217;absorci\u00f3 ac\u00fastica i projectes de disseny d&#8217;interiors. Valoritza la llana provinent de ramats d\u2019ovelles andorranes. VITAL PIRINEUS \u00e9s: &#8230;<\/p>\n","protected":false},"author":1,"featured_media":0,"parent":0,"menu_order":0,"comment_status":"closed","ping_status":"closed","template":"","meta":{"footnotes":""},"class_list":["post-7675","page","type-page","status-publish","hentry","no-post-thumbnail"],"_links":{"self":[{"href":"https:\/\/vital.ad\/index.php?rest_route=\/wp\/v2\/pages\/7675","targetHints":{"allow":["GET"]}}],"collection":[{"href":"https:\/\/vital.ad\/index.php?rest_route=\/wp\/v2\/pages"}],"about":[{"href":"https:\/\/vital.ad\/index.php?rest_route=\/wp\/v2\/types\/page"}],"author":[{"embeddable":true,"href":"https:\/\/vital.ad\/index.php?rest_route=\/wp\/v2\/users\/1"}],"replies":[{"embeddable":true,"href":"https:\/\/vital.ad\/index.php?rest_route=%2Fwp%2Fv2%2Fcomments&post=7675"}],"version-history":[{"count":12,"href":"https:\/\/vital.ad\/index.php?rest_route=\/wp\/v2\/pages\/7675\/revisions"}],"predecessor-version":[{"id":8347,"href":"https:\/\/vital.ad\/index.php?rest_route=\/wp\/v2\/pages\/7675\/revisions\/8347"}],"wp:attachment":[{"href":"https:\/\/vital.ad\/index.php?rest_route=%2Fwp%2Fv2%2Fmedia&parent=7675"}],"curies":[{"name":"wp","href":"https:\/\/api.w.org\/{rel}","templated":true}]}}