{"id":36,"date":"2019-04-14T08:38:33","date_gmt":"2019-04-14T08:38:33","guid":{"rendered":"http:\/\/vital.ad\/?page_id=36"},"modified":"2026-03-22T07:14:47","modified_gmt":"2026-03-22T07:14:47","slug":"factoria","status":"publish","type":"page","link":"https:\/\/vital.ad\/?page_id=36","title":{"rendered":"Taller artes\u00e0 industrial"},"content":{"rendered":"\n<p id=\"tw-target-text\">Tenim un espai artes\u00e0 industrial amb telers manuals i mec\u00e0nics. Des d&#8217;on elaborem artesanalment&nbsp;mantes, cortines, coixins, boses de cuir, catifes, solucions d&#8217;absorci\u00f3 ac\u00fastica i projectes de disseny d&#8217;interiors.<\/p>\n\n\n\n<p id=\"tw-target-text\">Col\u00b7laborem amb una xarxa de dissenyadors, arquitectes i enginyers per realitzar projectes de decoraci\u00f3 i disseny a mida. Hem fet certificar els nostres teixits amb certificats europeus de resist\u00e8ncia al foc. <\/p>\n\n\n\n<p id=\"tw-target-text\">Els nostres projectes personalitzats impliquen dissenyar solucions resistents al foc, a\u00efllants i absorbents ac\u00fasticament per satisfer els vostres requisits espec\u00edfics en projectes t\u00e8cnics.<\/p>\n\n\n\n<h2 class=\"wp-block-heading\">Aqu\u00ed pots localitzar el nostre taller:<\/h2>\n\n\n\n<p><br><a href=\"https:\/\/www.google.com\/maps\/search\/?api=1&amp;query=Vital+Pirineus%2C+AD600+Sant+Juli%C3%A0+de+L%C3%B2ria%2C+Andorra\" target=\"_blank\" rel=\"noreferrer noopener\">Google Maps \u2013 Vital Pirineus, Sant Juli\u00e0 de L\u00f2ria (Andorra)<\/a> (Visites possibles amb cita pr\u00e8via \u2013 contacta\u2019ns al +376 341 189)<\/p>\n\n\n\n<p><\/p>\n\n\n\n<figure class=\"wp-block-gallery has-nested-images columns-default is-cropped wp-block-gallery-1 is-layout-flex wp-block-gallery-is-layout-flex\">\n<figure class=\"wp-block-image size-large\"><img loading=\"lazy\" decoding=\"async\" width=\"683\" height=\"1024\" data-id=\"8251\" src=\"https:\/\/vital.ad\/wp-content\/uploads\/2025\/09\/Vital-Pirineus-Facu-Santana-63-683x1024.jpg\" alt=\"llana ovella Andorra artesania\" class=\"wp-image-8251\" title=\"llana ovella Andorra artesania\" srcset=\"https:\/\/vital.ad\/wp-content\/uploads\/2025\/09\/Vital-Pirineus-Facu-Santana-63-683x1024.jpg 683w, https:\/\/vital.ad\/wp-content\/uploads\/2025\/09\/Vital-Pirineus-Facu-Santana-63-200x300.jpg 200w, https:\/\/vital.ad\/wp-content\/uploads\/2025\/09\/Vital-Pirineus-Facu-Santana-63-768x1152.jpg 768w, https:\/\/vital.ad\/wp-content\/uploads\/2025\/09\/Vital-Pirineus-Facu-Santana-63-1024x1536.jpg 1024w, https:\/\/vital.ad\/wp-content\/uploads\/2025\/09\/Vital-Pirineus-Facu-Santana-63-1366x2048.jpg 1366w, https:\/\/vital.ad\/wp-content\/uploads\/2025\/09\/Vital-Pirineus-Facu-Santana-63-100x150.jpg 100w, https:\/\/vital.ad\/wp-content\/uploads\/2025\/09\/Vital-Pirineus-Facu-Santana-63-1384x2076.jpg 1384w, https:\/\/vital.ad\/wp-content\/uploads\/2025\/09\/Vital-Pirineus-Facu-Santana-63-1320x1980.jpg 1320w, https:\/\/vital.ad\/wp-content\/uploads\/2025\/09\/Vital-Pirineus-Facu-Santana-63-600x900.jpg 600w, https:\/\/vital.ad\/wp-content\/uploads\/2025\/09\/Vital-Pirineus-Facu-Santana-63-scaled.jpg 1707w\" sizes=\"auto, (max-width: 683px) 100vw, 683px\" \/><\/figure>\n\n\n\n<figure class=\"wp-block-image size-large\"><img loading=\"lazy\" decoding=\"async\" width=\"1024\" height=\"683\" data-id=\"8362\" src=\"https:\/\/vital.ad\/wp-content\/uploads\/2026\/03\/Vital-Pirineus-Facu-Santana-28-1024x683.jpg\" alt=\"llana ovella Andorra artesania\" class=\"wp-image-8362\" title=\"llana ovella Andorra artesania\" srcset=\"https:\/\/vital.ad\/wp-content\/uploads\/2026\/03\/Vital-Pirineus-Facu-Santana-28-1024x683.jpg 1024w, https:\/\/vital.ad\/wp-content\/uploads\/2026\/03\/Vital-Pirineus-Facu-Santana-28-300x200.jpg 300w, https:\/\/vital.ad\/wp-content\/uploads\/2026\/03\/Vital-Pirineus-Facu-Santana-28-768x512.jpg 768w, https:\/\/vital.ad\/wp-content\/uploads\/2026\/03\/Vital-Pirineus-Facu-Santana-28-1536x1024.jpg 1536w, https:\/\/vital.ad\/wp-content\/uploads\/2026\/03\/Vital-Pirineus-Facu-Santana-28-2048x1365.jpg 2048w, https:\/\/vital.ad\/wp-content\/uploads\/2026\/03\/Vital-Pirineus-Facu-Santana-28-100x67.jpg 100w, https:\/\/vital.ad\/wp-content\/uploads\/2026\/03\/Vital-Pirineus-Facu-Santana-28-1384x923.jpg 1384w, https:\/\/vital.ad\/wp-content\/uploads\/2026\/03\/Vital-Pirineus-Facu-Santana-28-1320x880.jpg 1320w, https:\/\/vital.ad\/wp-content\/uploads\/2026\/03\/Vital-Pirineus-Facu-Santana-28-600x400.jpg 600w\" sizes=\"auto, (max-width: 1024px) 100vw, 1024px\" \/><\/figure>\n\n\n\n<figure class=\"wp-block-image size-large\"><img loading=\"lazy\" decoding=\"async\" width=\"1024\" height=\"683\" data-id=\"8253\" src=\"https:\/\/vital.ad\/wp-content\/uploads\/2025\/09\/Vital-Pirineus-Facu-Santana-11-1024x683.jpg\" alt=\"llana ovella Andorra artesania\" class=\"wp-image-8253\" title=\"llana ovella Andorra artesania\" srcset=\"https:\/\/vital.ad\/wp-content\/uploads\/2025\/09\/Vital-Pirineus-Facu-Santana-11-1024x683.jpg 1024w, https:\/\/vital.ad\/wp-content\/uploads\/2025\/09\/Vital-Pirineus-Facu-Santana-11-300x200.jpg 300w, https:\/\/vital.ad\/wp-content\/uploads\/2025\/09\/Vital-Pirineus-Facu-Santana-11-768x512.jpg 768w, https:\/\/vital.ad\/wp-content\/uploads\/2025\/09\/Vital-Pirineus-Facu-Santana-11-1536x1024.jpg 1536w, https:\/\/vital.ad\/wp-content\/uploads\/2025\/09\/Vital-Pirineus-Facu-Santana-11-100x67.jpg 100w, https:\/\/vital.ad\/wp-content\/uploads\/2025\/09\/Vital-Pirineus-Facu-Santana-11-1384x922.jpg 1384w, https:\/\/vital.ad\/wp-content\/uploads\/2025\/09\/Vital-Pirineus-Facu-Santana-11-1320x880.jpg 1320w, https:\/\/vital.ad\/wp-content\/uploads\/2025\/09\/Vital-Pirineus-Facu-Santana-11-600x400.jpg 600w, https:\/\/vital.ad\/wp-content\/uploads\/2025\/09\/Vital-Pirineus-Facu-Santana-11.jpg 2048w\" sizes=\"auto, (max-width: 1024px) 100vw, 1024px\" \/><\/figure>\n\n\n\n<figure class=\"wp-block-image size-large\"><img loading=\"lazy\" decoding=\"async\" width=\"1024\" height=\"683\" data-id=\"8250\" src=\"https:\/\/vital.ad\/wp-content\/uploads\/2025\/09\/Vital-Pirineus-Facu-Santana-2092-1024x683.jpg\" alt=\"llana ovella Andorra artesania\" class=\"wp-image-8250\" title=\"llana ovella Andorra artesania\" srcset=\"https:\/\/vital.ad\/wp-content\/uploads\/2025\/09\/Vital-Pirineus-Facu-Santana-2092-1024x683.jpg 1024w, https:\/\/vital.ad\/wp-content\/uploads\/2025\/09\/Vital-Pirineus-Facu-Santana-2092-300x200.jpg 300w, https:\/\/vital.ad\/wp-content\/uploads\/2025\/09\/Vital-Pirineus-Facu-Santana-2092-768x512.jpg 768w, https:\/\/vital.ad\/wp-content\/uploads\/2025\/09\/Vital-Pirineus-Facu-Santana-2092-1536x1024.jpg 1536w, https:\/\/vital.ad\/wp-content\/uploads\/2025\/09\/Vital-Pirineus-Facu-Santana-2092-100x67.jpg 100w, https:\/\/vital.ad\/wp-content\/uploads\/2025\/09\/Vital-Pirineus-Facu-Santana-2092-1384x922.jpg 1384w, https:\/\/vital.ad\/wp-content\/uploads\/2025\/09\/Vital-Pirineus-Facu-Santana-2092-1320x880.jpg 1320w, https:\/\/vital.ad\/wp-content\/uploads\/2025\/09\/Vital-Pirineus-Facu-Santana-2092-600x400.jpg 600w, https:\/\/vital.ad\/wp-content\/uploads\/2025\/09\/Vital-Pirineus-Facu-Santana-2092.jpg 2048w\" sizes=\"auto, (max-width: 1024px) 100vw, 1024px\" \/><\/figure>\n\n\n\n<figure class=\"wp-block-image size-large\"><img loading=\"lazy\" decoding=\"async\" width=\"683\" height=\"1024\" data-id=\"8246\" src=\"https:\/\/vital.ad\/wp-content\/uploads\/2025\/09\/Vital-Pirineus-Facu-Santana-29-683x1024.jpg\" alt=\"llana ovella Andorra artesania\" class=\"wp-image-8246\" title=\"llana ovella Andorra artesania\" srcset=\"https:\/\/vital.ad\/wp-content\/uploads\/2025\/09\/Vital-Pirineus-Facu-Santana-29-683x1024.jpg 683w, https:\/\/vital.ad\/wp-content\/uploads\/2025\/09\/Vital-Pirineus-Facu-Santana-29-200x300.jpg 200w, https:\/\/vital.ad\/wp-content\/uploads\/2025\/09\/Vital-Pirineus-Facu-Santana-29-768x1152.jpg 768w, https:\/\/vital.ad\/wp-content\/uploads\/2025\/09\/Vital-Pirineus-Facu-Santana-29-1024x1536.jpg 1024w, https:\/\/vital.ad\/wp-content\/uploads\/2025\/09\/Vital-Pirineus-Facu-Santana-29-1366x2048.jpg 1366w, https:\/\/vital.ad\/wp-content\/uploads\/2025\/09\/Vital-Pirineus-Facu-Santana-29-100x150.jpg 100w, https:\/\/vital.ad\/wp-content\/uploads\/2025\/09\/Vital-Pirineus-Facu-Santana-29-1384x2076.jpg 1384w, https:\/\/vital.ad\/wp-content\/uploads\/2025\/09\/Vital-Pirineus-Facu-Santana-29-1320x1980.jpg 1320w, https:\/\/vital.ad\/wp-content\/uploads\/2025\/09\/Vital-Pirineus-Facu-Santana-29-600x900.jpg 600w, https:\/\/vital.ad\/wp-content\/uploads\/2025\/09\/Vital-Pirineus-Facu-Santana-29-scaled.jpg 1707w\" sizes=\"auto, (max-width: 683px) 100vw, 683px\" \/><\/figure>\n\n\n\n<figure class=\"wp-block-image size-large\"><img loading=\"lazy\" decoding=\"async\" width=\"1024\" height=\"683\" data-id=\"8245\" src=\"https:\/\/vital.ad\/wp-content\/uploads\/2025\/09\/Vital-Pirineus-Facu-Santana-22-1024x683.jpg\" alt=\"llana ovella Andorra artesania\" class=\"wp-image-8245\" title=\"llana ovella Andorra artesania\" srcset=\"https:\/\/vital.ad\/wp-content\/uploads\/2025\/09\/Vital-Pirineus-Facu-Santana-22-1024x683.jpg 1024w, https:\/\/vital.ad\/wp-content\/uploads\/2025\/09\/Vital-Pirineus-Facu-Santana-22-300x200.jpg 300w, https:\/\/vital.ad\/wp-content\/uploads\/2025\/09\/Vital-Pirineus-Facu-Santana-22-768x512.jpg 768w, https:\/\/vital.ad\/wp-content\/uploads\/2025\/09\/Vital-Pirineus-Facu-Santana-22-1536x1024.jpg 1536w, https:\/\/vital.ad\/wp-content\/uploads\/2025\/09\/Vital-Pirineus-Facu-Santana-22-100x67.jpg 100w, https:\/\/vital.ad\/wp-content\/uploads\/2025\/09\/Vital-Pirineus-Facu-Santana-22-1384x922.jpg 1384w, https:\/\/vital.ad\/wp-content\/uploads\/2025\/09\/Vital-Pirineus-Facu-Santana-22-1320x880.jpg 1320w, https:\/\/vital.ad\/wp-content\/uploads\/2025\/09\/Vital-Pirineus-Facu-Santana-22-600x400.jpg 600w, https:\/\/vital.ad\/wp-content\/uploads\/2025\/09\/Vital-Pirineus-Facu-Santana-22.jpg 2048w\" sizes=\"auto, (max-width: 1024px) 100vw, 1024px\" \/><\/figure>\n\n\n\n<figure class=\"wp-block-image size-large\"><img loading=\"lazy\" decoding=\"async\" width=\"683\" height=\"1024\" data-id=\"8247\" src=\"https:\/\/vital.ad\/wp-content\/uploads\/2025\/09\/Vital-Pirineus-Facu-Santana-48-683x1024.jpg\" alt=\"llana ovella Andorra artesania\" class=\"wp-image-8247\" title=\"llana ovella Andorra artesania\" srcset=\"https:\/\/vital.ad\/wp-content\/uploads\/2025\/09\/Vital-Pirineus-Facu-Santana-48-683x1024.jpg 683w, https:\/\/vital.ad\/wp-content\/uploads\/2025\/09\/Vital-Pirineus-Facu-Santana-48-200x300.jpg 200w, https:\/\/vital.ad\/wp-content\/uploads\/2025\/09\/Vital-Pirineus-Facu-Santana-48-768x1152.jpg 768w, https:\/\/vital.ad\/wp-content\/uploads\/2025\/09\/Vital-Pirineus-Facu-Santana-48-1024x1536.jpg 1024w, https:\/\/vital.ad\/wp-content\/uploads\/2025\/09\/Vital-Pirineus-Facu-Santana-48-1366x2048.jpg 1366w, https:\/\/vital.ad\/wp-content\/uploads\/2025\/09\/Vital-Pirineus-Facu-Santana-48-100x150.jpg 100w, https:\/\/vital.ad\/wp-content\/uploads\/2025\/09\/Vital-Pirineus-Facu-Santana-48-1384x2076.jpg 1384w, https:\/\/vital.ad\/wp-content\/uploads\/2025\/09\/Vital-Pirineus-Facu-Santana-48-1320x1980.jpg 1320w, https:\/\/vital.ad\/wp-content\/uploads\/2025\/09\/Vital-Pirineus-Facu-Santana-48-600x900.jpg 600w, https:\/\/vital.ad\/wp-content\/uploads\/2025\/09\/Vital-Pirineus-Facu-Santana-48-scaled.jpg 1707w\" sizes=\"auto, (max-width: 683px) 100vw, 683px\" \/><\/figure>\n\n\n\n<figure class=\"wp-block-image size-large\"><img loading=\"lazy\" decoding=\"async\" width=\"1024\" height=\"683\" data-id=\"8252\" src=\"https:\/\/vital.ad\/wp-content\/uploads\/2025\/09\/Vital-Pirineus-Facu-Santana-9-1024x683.jpg\" alt=\"llana ovella Andorra artesania\" class=\"wp-image-8252\" title=\"llana ovella Andorra artesania\" srcset=\"https:\/\/vital.ad\/wp-content\/uploads\/2025\/09\/Vital-Pirineus-Facu-Santana-9-1024x683.jpg 1024w, https:\/\/vital.ad\/wp-content\/uploads\/2025\/09\/Vital-Pirineus-Facu-Santana-9-300x200.jpg 300w, https:\/\/vital.ad\/wp-content\/uploads\/2025\/09\/Vital-Pirineus-Facu-Santana-9-768x512.jpg 768w, https:\/\/vital.ad\/wp-content\/uploads\/2025\/09\/Vital-Pirineus-Facu-Santana-9-1536x1024.jpg 1536w, https:\/\/vital.ad\/wp-content\/uploads\/2025\/09\/Vital-Pirineus-Facu-Santana-9-2048x1365.jpg 2048w, https:\/\/vital.ad\/wp-content\/uploads\/2025\/09\/Vital-Pirineus-Facu-Santana-9-100x67.jpg 100w, https:\/\/vital.ad\/wp-content\/uploads\/2025\/09\/Vital-Pirineus-Facu-Santana-9-1384x923.jpg 1384w, https:\/\/vital.ad\/wp-content\/uploads\/2025\/09\/Vital-Pirineus-Facu-Santana-9-1320x880.jpg 1320w, https:\/\/vital.ad\/wp-content\/uploads\/2025\/09\/Vital-Pirineus-Facu-Santana-9-600x400.jpg 600w\" sizes=\"auto, (max-width: 1024px) 100vw, 1024px\" \/><\/figure>\n\n\n\n<figure class=\"wp-block-image size-large\"><img loading=\"lazy\" decoding=\"async\" width=\"683\" height=\"1024\" data-id=\"8248\" src=\"https:\/\/vital.ad\/wp-content\/uploads\/2025\/09\/Vital-Pirineus-Facu-Santana-178-683x1024.jpg\" alt=\"llana ovella Andorra artesania\" class=\"wp-image-8248\" title=\"llana ovella Andorra artesania\" srcset=\"https:\/\/vital.ad\/wp-content\/uploads\/2025\/09\/Vital-Pirineus-Facu-Santana-178-683x1024.jpg 683w, https:\/\/vital.ad\/wp-content\/uploads\/2025\/09\/Vital-Pirineus-Facu-Santana-178-200x300.jpg 200w, https:\/\/vital.ad\/wp-content\/uploads\/2025\/09\/Vital-Pirineus-Facu-Santana-178-768x1152.jpg 768w, https:\/\/vital.ad\/wp-content\/uploads\/2025\/09\/Vital-Pirineus-Facu-Santana-178-1024x1536.jpg 1024w, https:\/\/vital.ad\/wp-content\/uploads\/2025\/09\/Vital-Pirineus-Facu-Santana-178-1366x2048.jpg 1366w, https:\/\/vital.ad\/wp-content\/uploads\/2025\/09\/Vital-Pirineus-Facu-Santana-178-100x150.jpg 100w, https:\/\/vital.ad\/wp-content\/uploads\/2025\/09\/Vital-Pirineus-Facu-Santana-178-1384x2076.jpg 1384w, https:\/\/vital.ad\/wp-content\/uploads\/2025\/09\/Vital-Pirineus-Facu-Santana-178-1320x1980.jpg 1320w, https:\/\/vital.ad\/wp-content\/uploads\/2025\/09\/Vital-Pirineus-Facu-Santana-178-600x900.jpg 600w, https:\/\/vital.ad\/wp-content\/uploads\/2025\/09\/Vital-Pirineus-Facu-Santana-178-scaled.jpg 1707w\" sizes=\"auto, (max-width: 683px) 100vw, 683px\" \/><\/figure>\n<\/figure>\n\n\n\n<p id=\"tw-target-text\">Els nostres teixits compten amb les seg\u00fcents certificacions:<\/p>\n\n\n\n<p>ENAC_EN 13773:2003          CLASIFICACI\u00d3 COM A CORTINES RESISTENTS AL FOC<\/p>\n\n\n\n<p>UNE 23723:1990, UNE 23725:1990 i UNE 23727:1990           MATERIALS DE CONSTRUCCI\u00d3, REVESTIMENTS, TAPISSERIA<\/p>\n\n\n\n<div class=\"wpcf7 no-js\" id=\"wpcf7-f6964-o1\" lang=\"ca\" dir=\"ltr\" data-wpcf7-id=\"6964\">\n<div class=\"screen-reader-response\"><p role=\"status\" aria-live=\"polite\" aria-atomic=\"true\"><\/p> <ul><\/ul><\/div>\n<form action=\"\/index.php?rest_route=%2Fwp%2Fv2%2Fpages%2F36#wpcf7-f6964-o1\" method=\"post\" class=\"wpcf7-form init\" aria-label=\"Formulari de contacte\" novalidate=\"novalidate\" data-status=\"init\">\n<fieldset class=\"hidden-fields-container\"><input type=\"hidden\" name=\"_wpcf7\" value=\"6964\" \/><input type=\"hidden\" name=\"_wpcf7_version\" value=\"6.1.5\" \/><input type=\"hidden\" name=\"_wpcf7_locale\" value=\"ca\" \/><input type=\"hidden\" name=\"_wpcf7_unit_tag\" value=\"wpcf7-f6964-o1\" \/><input type=\"hidden\" name=\"_wpcf7_container_post\" value=\"0\" \/><input type=\"hidden\" name=\"_wpcf7_posted_data_hash\" value=\"\" \/><input type=\"hidden\" name=\"_wpcf7_recaptcha_response\" value=\"\" \/>\n<\/fieldset>\n<p><label> El nom (obligatori)<br \/>\n<span class=\"wpcf7-form-control-wrap\" data-name=\"your-name\"><input size=\"40\" maxlength=\"400\" class=\"wpcf7-form-control wpcf7-text wpcf7-validates-as-required\" aria-required=\"true\" aria-invalid=\"false\" value=\"\" type=\"text\" name=\"your-name\" \/><\/span> <\/label>\n<\/p>\n<p><label> El correu electr\u00f2nic (obligatori)<br \/>\n<span class=\"wpcf7-form-control-wrap\" data-name=\"your-email\"><input size=\"40\" maxlength=\"400\" class=\"wpcf7-form-control wpcf7-email wpcf7-validates-as-required wpcf7-text wpcf7-validates-as-email\" aria-required=\"true\" aria-invalid=\"false\" value=\"\" type=\"email\" name=\"your-email\" \/><\/span> <\/label>\n<\/p>\n<p><label> Assumpte<br \/>\n<span class=\"wpcf7-form-control-wrap\" data-name=\"your-subject\"><input size=\"40\" maxlength=\"400\" class=\"wpcf7-form-control wpcf7-text\" aria-invalid=\"false\" value=\"\" type=\"text\" name=\"your-subject\" \/><\/span> <\/label>\n<\/p>\n<p><label> El missatge<br \/>\n<span class=\"wpcf7-form-control-wrap\" data-name=\"your-message\"><textarea cols=\"40\" rows=\"10\" maxlength=\"2000\" class=\"wpcf7-form-control wpcf7-textarea\" aria-invalid=\"false\" name=\"your-message\"><\/textarea><\/span> <\/label>\n<\/p>\n<p><label> <span class=\"wpcf7-form-control-wrap\" data-name=\"acceptance-737\"><span class=\"wpcf7-form-control wpcf7-acceptance\"><span class=\"wpcf7-list-item\"><label><input type=\"checkbox\" name=\"acceptance-737\" value=\"1\" aria-invalid=\"false\" \/><span class=\"wpcf7-list-item-label\">Accepto els termes i condicions de la <a href=\"https:\/\/vital.ad\/privacy-policy\/\">pol\u00edtica de privacitat<\/a>.<\/p><\/span><\/label><\/span><\/span><\/span><br \/>\n<\/label>\n<\/p>\n<p><input class=\"wpcf7-form-control wpcf7-submit has-spinner\" type=\"submit\" value=\"Envia\" \/>\n<\/p><div class=\"wpcf7-response-output\" aria-hidden=\"true\"><\/div>\n<\/form>\n<\/div>\n\n\n\n\n<p class=\"has-text-align-center\"><\/p>\n\n\n\n<p><\/p>\n\n\n\n\n\n<p><\/p>\n","protected":false},"excerpt":{"rendered":"<p>Tenim un espai artes\u00e0 industrial amb telers manuals i mec\u00e0nics. Des d&#8217;on elaborem artesanalment&nbsp;mantes, cortines, coixins, boses de cuir, catifes, solucions d&#8217;absorci\u00f3 ac\u00fastica i projectes de disseny d&#8217;interiors. Col\u00b7laborem amb una xarxa de dissenyadors, arquitectes i enginyers per realitzar projectes de decoraci\u00f3 i disseny a mida. Hem fet certificar els nostres teixits amb certificats europeus de resist\u00e8ncia al foc. Els &#8230;<\/p>\n","protected":false},"author":1,"featured_media":0,"parent":0,"menu_order":0,"comment_status":"closed","ping_status":"closed","template":"","meta":{"footnotes":""},"class_list":["post-36","page","type-page","status-publish","hentry","no-post-thumbnail"],"_links":{"self":[{"href":"https:\/\/vital.ad\/index.php?rest_route=\/wp\/v2\/pages\/36","targetHints":{"allow":["GET"]}}],"collection":[{"href":"https:\/\/vital.ad\/index.php?rest_route=\/wp\/v2\/pages"}],"about":[{"href":"https:\/\/vital.ad\/index.php?rest_route=\/wp\/v2\/types\/page"}],"author":[{"embeddable":true,"href":"https:\/\/vital.ad\/index.php?rest_route=\/wp\/v2\/users\/1"}],"replies":[{"embeddable":true,"href":"https:\/\/vital.ad\/index.php?rest_route=%2Fwp%2Fv2%2Fcomments&post=36"}],"version-history":[{"count":23,"href":"https:\/\/vital.ad\/index.php?rest_route=\/wp\/v2\/pages\/36\/revisions"}],"predecessor-version":[{"id":8386,"href":"https:\/\/vital.ad\/index.php?rest_route=\/wp\/v2\/pages\/36\/revisions\/8386"}],"wp:attachment":[{"href":"https:\/\/vital.ad\/index.php?rest_route=%2Fwp%2Fv2%2Fmedia&parent=36"}],"curies":[{"name":"wp","href":"https:\/\/api.w.org\/{rel}","templated":true}]}}